{"id":140,"date":"2023-12-21T12:38:30","date_gmt":"2023-12-21T11:38:30","guid":{"rendered":"https:\/\/amisdujardinvillars.fr\/?page_id=140"},"modified":"2024-01-10T22:07:55","modified_gmt":"2024-01-10T21:07:55","slug":"articles","status":"publish","type":"page","link":"https:\/\/amisdujardinvillars.fr\/index.php\/articles\/","title":{"rendered":"Articles"},"content":{"rendered":"\n<p>D\u00e9couvrez ici les articles th\u00e9matiques.<\/p>\n\n\n<form role=\"search\" method=\"get\" action=\"https:\/\/amisdujardinvillars.fr\/\" class=\"wp-block-search__button-outside wp-block-search__text-button wp-block-search\"    ><label class=\"wp-block-search__label\" for=\"wp-block-search__input-1\" >Rechercher dans les articles et pages du site<\/label><div class=\"wp-block-search__inside-wrapper\" ><input class=\"wp-block-search__input\" id=\"wp-block-search__input-1\" placeholder=\"\" value=\"\" type=\"search\" name=\"s\" required \/><button aria-label=\"Rechercher\" class=\"wp-block-search__button wp-element-button\" type=\"submit\" >Rechercher<\/button><\/div><\/form>\n\n\n<div class=\"wp-block-query is-layout-flow wp-block-query-is-layout-flow\"><ul class=\"wp-block-post-template is-layout-flow wp-block-post-template-is-layout-flow\"><li class=\"wp-block-post post-871 post type-post status-publish format-standard has-post-thumbnail hentry category-actualites tag-actualites tag-article\">\n\n<div class=\"wp-block-columns alignwide is-layout-flex wp-container-core-columns-is-layout-28f84493 wp-block-columns-is-layout-flex\">\n<div class=\"wp-block-column has-global-padding is-layout-constrained wp-block-column-is-layout-constrained\" style=\"flex-basis:20%\"><figure style=\"aspect-ratio:auto;width:100%;height:100%;\" class=\"wp-block-post-featured-image\"><a href=\"https:\/\/amisdujardinvillars.fr\/index.php\/2024\/10\/06\/plantes-et-sante-parle-de-nous\/\" target=\"_self\"  style=\"height:100%\"><img loading=\"lazy\" decoding=\"async\" width=\"1365\" height=\"971\" src=\"https:\/\/amisdujardinvillars.fr\/wp-content\/uploads\/2023\/12\/IMG_3106-copie-scaled-e1704922418869.jpg\" class=\"attachment-post-thumbnail size-post-thumbnail wp-post-image\" alt=\"Plantes et Sant\u00e9 parle de nous !\" style=\"width:100%;height:100%;object-fit:cover;\" \/><\/a><\/figure><\/div>\n\n\n\n<div class=\"wp-block-column is-layout-flow wp-block-column-is-layout-flow\" style=\"flex-basis:80%\"><h8 class=\"wp-block-post-title\"><a href=\"https:\/\/amisdujardinvillars.fr\/index.php\/2024\/10\/06\/plantes-et-sante-parle-de-nous\/\" target=\"_self\" >Plantes et Sant\u00e9 parle de nous !<\/a><\/h8>\n\n<div class=\"wp-block-post-excerpt\"><p class=\"wp-block-post-excerpt__excerpt\">\u00ab\u00a0\u00c0 Grenoble, une fac au jardin ouverte sur le monde\u00a0\u00bb Caroline Pel\u00e9&nbsp;&nbsp;&nbsp;|&nbsp;&nbsp;On en parle&nbsp;&nbsp;|&nbsp;&nbsp;Publi\u00e9 le 01\/10\/2024 Et si on sortait des salles de cours pour apprendre in situ l&rsquo;ethnobotanique et les usages th\u00e9rapeutiques des plantes ? Au c\u0153ur de la facult\u00e9 de pharmacie de Grenoble,\u2026<\/p><p class=\"wp-block-post-excerpt__more-text\"><a class=\"wp-block-post-excerpt__more-link\" href=\"https:\/\/amisdujardinvillars.fr\/index.php\/2024\/10\/06\/plantes-et-sante-parle-de-nous\/\">Lire la suite&#8230;<\/a><\/p><\/div><\/div>\n<\/div>\n\n<\/li><li class=\"wp-block-post post-774 post type-post status-publish format-standard has-post-thumbnail hentry category-histoires-botaniques tag-article tag-botanique\">\n\n<div class=\"wp-block-columns alignwide is-layout-flex wp-container-core-columns-is-layout-28f84493 wp-block-columns-is-layout-flex\">\n<div class=\"wp-block-column has-global-padding is-layout-constrained wp-block-column-is-layout-constrained\" style=\"flex-basis:20%\"><figure style=\"aspect-ratio:auto;width:100%;height:100%;\" class=\"wp-block-post-featured-image\"><a href=\"https:\/\/amisdujardinvillars.fr\/index.php\/2024\/09\/16\/tulipomanie\/\" target=\"_self\"  style=\"height:100%\"><img loading=\"lazy\" decoding=\"async\" width=\"2440\" height=\"1450\" src=\"https:\/\/amisdujardinvillars.fr\/wp-content\/uploads\/2024\/09\/image-from-rawpixel-id-2771261-jpeg-scaled-e1726487946779.jpg\" class=\"attachment-post-thumbnail size-post-thumbnail wp-post-image\" alt=\"La Tulipomanie et Charles de l&rsquo;\u00c9cluse : une histoire fascinante\" style=\"width:100%;height:100%;object-fit:cover;\" srcset=\"https:\/\/amisdujardinvillars.fr\/wp-content\/uploads\/2024\/09\/image-from-rawpixel-id-2771261-jpeg-scaled-e1726487946779.jpg 2440w, https:\/\/amisdujardinvillars.fr\/wp-content\/uploads\/2024\/09\/image-from-rawpixel-id-2771261-jpeg-scaled-e1726487946779-300x178.jpg 300w, https:\/\/amisdujardinvillars.fr\/wp-content\/uploads\/2024\/09\/image-from-rawpixel-id-2771261-jpeg-scaled-e1726487946779-1024x609.jpg 1024w, https:\/\/amisdujardinvillars.fr\/wp-content\/uploads\/2024\/09\/image-from-rawpixel-id-2771261-jpeg-scaled-e1726487946779-768x456.jpg 768w, https:\/\/amisdujardinvillars.fr\/wp-content\/uploads\/2024\/09\/image-from-rawpixel-id-2771261-jpeg-scaled-e1726487946779-1536x913.jpg 1536w, https:\/\/amisdujardinvillars.fr\/wp-content\/uploads\/2024\/09\/image-from-rawpixel-id-2771261-jpeg-scaled-e1726487946779-2048x1217.jpg 2048w\" sizes=\"auto, (max-width: 2440px) 100vw, 2440px\" \/><\/a><\/figure><\/div>\n\n\n\n<div class=\"wp-block-column is-layout-flow wp-block-column-is-layout-flow\" style=\"flex-basis:80%\"><h8 class=\"wp-block-post-title\"><a href=\"https:\/\/amisdujardinvillars.fr\/index.php\/2024\/09\/16\/tulipomanie\/\" target=\"_self\" >La Tulipomanie et Charles de l&rsquo;\u00c9cluse : une histoire fascinante<\/a><\/h8>\n\n<div class=\"wp-block-post-excerpt\"><p class=\"wp-block-post-excerpt__excerpt\">Avec l&rsquo;arriv\u00e9e de l&rsquo;automne et l&rsquo;installation d&rsquo;une nouvelle collection de bulbes au jardin Dominique Villars (+ de 300), dont une grande majorit\u00e9 de tulipes, il est int\u00e9ressant de revenir sur l&rsquo;histoire captivante de cette fleur qui a marqu\u00e9 l&rsquo;Europe au XVIIe si\u00e8cle. La tulipe, avec\u2026<\/p><p class=\"wp-block-post-excerpt__more-text\"><a class=\"wp-block-post-excerpt__more-link\" href=\"https:\/\/amisdujardinvillars.fr\/index.php\/2024\/09\/16\/tulipomanie\/\">Lire la suite&#8230;<\/a><\/p><\/div><\/div>\n<\/div>\n\n<\/li><li class=\"wp-block-post post-243 post type-post status-publish format-standard has-post-thumbnail hentry category-histoire-du-site-et-du-jardin tag-article\">\n\n<div class=\"wp-block-columns alignwide is-layout-flex wp-container-core-columns-is-layout-28f84493 wp-block-columns-is-layout-flex\">\n<div class=\"wp-block-column has-global-padding is-layout-constrained wp-block-column-is-layout-constrained\" style=\"flex-basis:20%\"><figure style=\"aspect-ratio:auto;width:100%;height:100%;\" class=\"wp-block-post-featured-image\"><a href=\"https:\/\/amisdujardinvillars.fr\/index.php\/2023\/12\/26\/histoire-du-oubliee-du-mas-de-saint-ferjus\/\" target=\"_self\"  style=\"height:100%\"><img loading=\"lazy\" decoding=\"async\" width=\"800\" height=\"533\" src=\"https:\/\/amisdujardinvillars.fr\/wp-content\/uploads\/2024\/01\/ARCHIVES_DCP_DAUP_R264_17.jpg\" class=\"attachment-post-thumbnail size-post-thumbnail wp-post-image\" alt=\"L&rsquo;histoire oubli\u00e9e du Mas de Saint-Ferjus\" style=\"width:100%;height:100%;object-fit:cover;\" srcset=\"https:\/\/amisdujardinvillars.fr\/wp-content\/uploads\/2024\/01\/ARCHIVES_DCP_DAUP_R264_17.jpg 800w, https:\/\/amisdujardinvillars.fr\/wp-content\/uploads\/2024\/01\/ARCHIVES_DCP_DAUP_R264_17-300x200.jpg 300w, https:\/\/amisdujardinvillars.fr\/wp-content\/uploads\/2024\/01\/ARCHIVES_DCP_DAUP_R264_17-768x512.jpg 768w\" sizes=\"auto, (max-width: 800px) 100vw, 800px\" \/><\/a><\/figure><\/div>\n\n\n\n<div class=\"wp-block-column is-layout-flow wp-block-column-is-layout-flow\" style=\"flex-basis:80%\"><h8 class=\"wp-block-post-title\"><a href=\"https:\/\/amisdujardinvillars.fr\/index.php\/2023\/12\/26\/histoire-du-oubliee-du-mas-de-saint-ferjus\/\" target=\"_self\" >L&rsquo;histoire oubli\u00e9e du Mas de Saint-Ferjus<\/a><\/h8>\n\n<div class=\"wp-block-post-excerpt\"><p class=\"wp-block-post-excerpt__excerpt\">\u00a0 Cr\u00e9\u00e9 en 2014, le Jardin Dominique Villars est un jardin de plantes m\u00e9dicinales et toxiques, situ\u00e9 dans le parc des Facult\u00e9s de m\u00e9decine et pharmacie de l\u2019Universit\u00e9 Grenoble Alpes.\u2028 Ce jardin p\u00e9dagogique de 7500m2 poss\u00e8de actuellement plus de 400 plantes \u2013 principalement m\u00e9dicinales \u2013\u2026<\/p><p class=\"wp-block-post-excerpt__more-text\"><a class=\"wp-block-post-excerpt__more-link\" href=\"https:\/\/amisdujardinvillars.fr\/index.php\/2023\/12\/26\/histoire-du-oubliee-du-mas-de-saint-ferjus\/\">Lire la suite&#8230;<\/a><\/p><\/div><\/div>\n<\/div>\n\n<\/li><li class=\"wp-block-post post-208 post type-post status-publish format-standard has-post-thumbnail hentry category-histoires-de-jardins category-le-jardin-japonais tag-article\">\n\n<div class=\"wp-block-columns alignwide is-layout-flex wp-container-core-columns-is-layout-28f84493 wp-block-columns-is-layout-flex\">\n<div class=\"wp-block-column has-global-padding is-layout-constrained wp-block-column-is-layout-constrained\" style=\"flex-basis:20%\"><figure style=\"aspect-ratio:auto;width:100%;height:100%;\" class=\"wp-block-post-featured-image\"><a href=\"https:\/\/amisdujardinvillars.fr\/index.php\/2023\/12\/22\/au-japon-quand-vient-lautomne-rougeoyant-et-ses-chrysanthemes\/\" target=\"_self\"  style=\"height:100%\"><img loading=\"lazy\" decoding=\"async\" width=\"926\" height=\"623\" src=\"https:\/\/amisdujardinvillars.fr\/wp-content\/uploads\/2023\/12\/file-20210810-15-1ht22e5.jpg.webp\" class=\"attachment-post-thumbnail size-post-thumbnail wp-post-image\" alt=\"Au Japon, quand vient l\u2019automne rougeoyant et ses chrysanth\u00e8mes\" style=\"width:100%;height:100%;object-fit:cover;\" srcset=\"https:\/\/amisdujardinvillars.fr\/wp-content\/uploads\/2023\/12\/file-20210810-15-1ht22e5.jpg.webp 926w, https:\/\/amisdujardinvillars.fr\/wp-content\/uploads\/2023\/12\/file-20210810-15-1ht22e5.jpg-300x202.webp 300w, https:\/\/amisdujardinvillars.fr\/wp-content\/uploads\/2023\/12\/file-20210810-15-1ht22e5.jpg-768x517.webp 768w, https:\/\/amisdujardinvillars.fr\/wp-content\/uploads\/2023\/12\/file-20210810-15-1ht22e5.jpg-700x470.webp 700w, https:\/\/amisdujardinvillars.fr\/wp-content\/uploads\/2023\/12\/file-20210810-15-1ht22e5.jpg-620x416.webp 620w, https:\/\/amisdujardinvillars.fr\/wp-content\/uploads\/2023\/12\/file-20210810-15-1ht22e5.jpg-400x269.webp 400w\" sizes=\"auto, (max-width: 926px) 100vw, 926px\" \/><\/a><\/figure><\/div>\n\n\n\n<div class=\"wp-block-column is-layout-flow wp-block-column-is-layout-flow\" style=\"flex-basis:80%\"><h8 class=\"wp-block-post-title\"><a href=\"https:\/\/amisdujardinvillars.fr\/index.php\/2023\/12\/22\/au-japon-quand-vient-lautomne-rougeoyant-et-ses-chrysanthemes\/\" target=\"_self\" >Au Japon, quand vient l\u2019automne rougeoyant et ses chrysanth\u00e8mes<\/a><\/h8>\n\n<div class=\"wp-block-post-excerpt\"><p class=\"wp-block-post-excerpt__excerpt\">Apr\u00e8s un \u00e9t\u00e9 aux chaleurs \u00e9crasantes et les typhons du mois de septembre, arrivent enfin la fra\u00eecheur et les fleurs d\u2019automne sur l\u2019archipel nippon\u00a0! La fleur la plus embl\u00e9matique de cette p\u00e9riode est sans aucun doute celle du chrysanth\u00e8me. Originaire de Chine, la \u00ab fleur\u2026<\/p><p class=\"wp-block-post-excerpt__more-text\"><a class=\"wp-block-post-excerpt__more-link\" href=\"https:\/\/amisdujardinvillars.fr\/index.php\/2023\/12\/22\/au-japon-quand-vient-lautomne-rougeoyant-et-ses-chrysanthemes\/\">Lire la suite&#8230;<\/a><\/p><\/div><\/div>\n<\/div>\n\n<\/li><li class=\"wp-block-post post-201 post type-post status-publish format-standard has-post-thumbnail hentry category-histoires-de-jardins category-le-jardin-japonais tag-article\">\n\n<div class=\"wp-block-columns alignwide is-layout-flex wp-container-core-columns-is-layout-28f84493 wp-block-columns-is-layout-flex\">\n<div class=\"wp-block-column has-global-padding is-layout-constrained wp-block-column-is-layout-constrained\" style=\"flex-basis:20%\"><figure style=\"aspect-ratio:auto;width:100%;height:100%;\" class=\"wp-block-post-featured-image\"><a href=\"https:\/\/amisdujardinvillars.fr\/index.php\/2023\/12\/22\/au-japon-des-histoires-deau-et-de-fleurs-bleues\/\" target=\"_self\"  style=\"height:100%\"><img loading=\"lazy\" decoding=\"async\" width=\"925\" height=\"623\" src=\"https:\/\/amisdujardinvillars.fr\/wp-content\/uploads\/2023\/12\/file-20210804-13-irbjj4-e1704973249709.jpg\" class=\"attachment-post-thumbnail size-post-thumbnail wp-post-image\" alt=\"Au Japon, des histoires d\u2019eau et de fleurs bleues\" style=\"width:100%;height:100%;object-fit:cover;\" srcset=\"https:\/\/amisdujardinvillars.fr\/wp-content\/uploads\/2023\/12\/file-20210804-13-irbjj4-e1704973249709.jpg 925w, https:\/\/amisdujardinvillars.fr\/wp-content\/uploads\/2023\/12\/file-20210804-13-irbjj4-e1704973249709-300x202.jpg 300w, https:\/\/amisdujardinvillars.fr\/wp-content\/uploads\/2023\/12\/file-20210804-13-irbjj4-e1704973249709-768x517.jpg 768w, https:\/\/amisdujardinvillars.fr\/wp-content\/uploads\/2023\/12\/file-20210804-13-irbjj4-e1704973249709-700x471.jpg 700w, https:\/\/amisdujardinvillars.fr\/wp-content\/uploads\/2023\/12\/file-20210804-13-irbjj4-e1704973249709-620x417.jpg 620w, https:\/\/amisdujardinvillars.fr\/wp-content\/uploads\/2023\/12\/file-20210804-13-irbjj4-e1704973249709-400x269.jpg 400w\" sizes=\"auto, (max-width: 925px) 100vw, 925px\" \/><\/a><\/figure><\/div>\n\n\n\n<div class=\"wp-block-column is-layout-flow wp-block-column-is-layout-flow\" style=\"flex-basis:80%\"><h8 class=\"wp-block-post-title\"><a href=\"https:\/\/amisdujardinvillars.fr\/index.php\/2023\/12\/22\/au-japon-des-histoires-deau-et-de-fleurs-bleues\/\" target=\"_self\" >Au Japon, des histoires d\u2019eau et de fleurs bleues<\/a><\/h8>\n\n<div class=\"wp-block-post-excerpt\"><p class=\"wp-block-post-excerpt__excerpt\">Sur l\u2019archipel japonais, la saison des pluies (juin-juillet) marque un tournant important dans le fil des saisons. Son nom Tsuyu, qui r\u00e9unit les kanji \u6885 \u00ab\u00a0prune\u00a0\u00bb et \u96e8 \u00ab\u00a0pluie\u00a0\u00bb, nous rappelle que les averses accompagnent la r\u00e9colte des prunes vertes, ume. Fleurs d\u2019iris,pareilles \u00e0 l\u2019arc-en-ciel,s\u2019\u00e9l\u00e8vent.\u2026<\/p><p class=\"wp-block-post-excerpt__more-text\"><a class=\"wp-block-post-excerpt__more-link\" href=\"https:\/\/amisdujardinvillars.fr\/index.php\/2023\/12\/22\/au-japon-des-histoires-deau-et-de-fleurs-bleues\/\">Lire la suite&#8230;<\/a><\/p><\/div><\/div>\n<\/div>\n\n<\/li><li class=\"wp-block-post post-197 post type-post status-publish format-standard has-post-thumbnail hentry category-histoires-de-jardins category-le-jardin-japonais tag-article\">\n\n<div class=\"wp-block-columns alignwide is-layout-flex wp-container-core-columns-is-layout-28f84493 wp-block-columns-is-layout-flex\">\n<div class=\"wp-block-column has-global-padding is-layout-constrained wp-block-column-is-layout-constrained\" style=\"flex-basis:20%\"><figure style=\"aspect-ratio:auto;width:100%;height:100%;\" class=\"wp-block-post-featured-image\"><a href=\"https:\/\/amisdujardinvillars.fr\/index.php\/2023\/12\/22\/au-japon-lamour-des-fleurs-au-fil-des-saisons\/\" target=\"_self\"  style=\"height:100%\"><img loading=\"lazy\" decoding=\"async\" width=\"926\" height=\"695\" src=\"https:\/\/amisdujardinvillars.fr\/wp-content\/uploads\/2023\/12\/file-20210803-13-k4epoh.jpg\" class=\"attachment-post-thumbnail size-post-thumbnail wp-post-image\" alt=\"Au Japon, l\u2019amour des fleurs au fil des saisons\" style=\"width:100%;height:100%;object-fit:cover;\" srcset=\"https:\/\/amisdujardinvillars.fr\/wp-content\/uploads\/2023\/12\/file-20210803-13-k4epoh.jpg 926w, https:\/\/amisdujardinvillars.fr\/wp-content\/uploads\/2023\/12\/file-20210803-13-k4epoh-300x225.jpg 300w, https:\/\/amisdujardinvillars.fr\/wp-content\/uploads\/2023\/12\/file-20210803-13-k4epoh-768x576.jpg 768w, https:\/\/amisdujardinvillars.fr\/wp-content\/uploads\/2023\/12\/file-20210803-13-k4epoh-700x525.jpg 700w, https:\/\/amisdujardinvillars.fr\/wp-content\/uploads\/2023\/12\/file-20210803-13-k4epoh-620x465.jpg 620w, https:\/\/amisdujardinvillars.fr\/wp-content\/uploads\/2023\/12\/file-20210803-13-k4epoh-400x300.jpg 400w\" sizes=\"auto, (max-width: 926px) 100vw, 926px\" \/><\/a><\/figure><\/div>\n\n\n\n<div class=\"wp-block-column is-layout-flow wp-block-column-is-layout-flow\" style=\"flex-basis:80%\"><h8 class=\"wp-block-post-title\"><a href=\"https:\/\/amisdujardinvillars.fr\/index.php\/2023\/12\/22\/au-japon-lamour-des-fleurs-au-fil-des-saisons\/\" target=\"_self\" >Au Japon, l\u2019amour des fleurs au fil des saisons<\/a><\/h8>\n\n<div class=\"wp-block-post-excerpt\"><p class=\"wp-block-post-excerpt__excerpt\">Si le Japon \u00e9voque une image de modernit\u00e9 effervescente, les Japonais ont toutefois su conserver un lien affectif profond avec la nature. Cet attachement, r\u00e9v\u00e9l\u00e9 par la culture animiste shint\u014d, s\u2019est affirm\u00e9 au fil des si\u00e8cles. En t\u00e9moignent aujourd\u2019hui des centaines de festivals, dont les\u2026<\/p><p class=\"wp-block-post-excerpt__more-text\"><a class=\"wp-block-post-excerpt__more-link\" href=\"https:\/\/amisdujardinvillars.fr\/index.php\/2023\/12\/22\/au-japon-lamour-des-fleurs-au-fil-des-saisons\/\">Lire la suite&#8230;<\/a><\/p><\/div><\/div>\n<\/div>\n\n<\/li><li class=\"wp-block-post post-111 post type-post status-publish format-standard has-post-thumbnail hentry category-actualites tag-article\">\n\n<div class=\"wp-block-columns alignwide is-layout-flex wp-container-core-columns-is-layout-28f84493 wp-block-columns-is-layout-flex\">\n<div class=\"wp-block-column has-global-padding is-layout-constrained wp-block-column-is-layout-constrained\" style=\"flex-basis:20%\"><figure style=\"aspect-ratio:auto;width:100%;height:100%;\" class=\"wp-block-post-featured-image\"><a href=\"https:\/\/amisdujardinvillars.fr\/index.php\/2023\/12\/21\/article-pour-essai\/\" target=\"_self\"  style=\"height:100%\"><img loading=\"lazy\" decoding=\"async\" width=\"2560\" height=\"1920\" src=\"https:\/\/amisdujardinvillars.fr\/wp-content\/uploads\/2023\/12\/IMG_2759-3-copie-scaled.jpg\" class=\"attachment-post-thumbnail size-post-thumbnail wp-post-image\" alt=\"Publication sur le jardin japonais\" style=\"width:100%;height:100%;object-fit:cover;\" srcset=\"https:\/\/amisdujardinvillars.fr\/wp-content\/uploads\/2023\/12\/IMG_2759-3-copie-scaled.jpg 2560w, https:\/\/amisdujardinvillars.fr\/wp-content\/uploads\/2023\/12\/IMG_2759-3-copie-300x225.jpg 300w, https:\/\/amisdujardinvillars.fr\/wp-content\/uploads\/2023\/12\/IMG_2759-3-copie-1024x768.jpg 1024w, https:\/\/amisdujardinvillars.fr\/wp-content\/uploads\/2023\/12\/IMG_2759-3-copie-768x576.jpg 768w, https:\/\/amisdujardinvillars.fr\/wp-content\/uploads\/2023\/12\/IMG_2759-3-copie-1536x1152.jpg 1536w, https:\/\/amisdujardinvillars.fr\/wp-content\/uploads\/2023\/12\/IMG_2759-3-copie-2048x1536.jpg 2048w, https:\/\/amisdujardinvillars.fr\/wp-content\/uploads\/2023\/12\/IMG_2759-3-copie-scaled-700x525.jpg 700w, https:\/\/amisdujardinvillars.fr\/wp-content\/uploads\/2023\/12\/IMG_2759-3-copie-scaled-620x465.jpg 620w, https:\/\/amisdujardinvillars.fr\/wp-content\/uploads\/2023\/12\/IMG_2759-3-copie-scaled-400x300.jpg 400w\" sizes=\"auto, (max-width: 2560px) 100vw, 2560px\" \/><\/a><\/figure><\/div>\n\n\n\n<div class=\"wp-block-column is-layout-flow wp-block-column-is-layout-flow\" style=\"flex-basis:80%\"><h8 class=\"wp-block-post-title\"><a href=\"https:\/\/amisdujardinvillars.fr\/index.php\/2023\/12\/21\/article-pour-essai\/\" target=\"_self\" >Publication sur le jardin japonais<\/a><\/h8>\n\n<div class=\"wp-block-post-excerpt\"><p class=\"wp-block-post-excerpt__excerpt\">En d\u00e9cembre 2023, la revue Projets de paysage (Open Edition) nous a fait l&rsquo;honneur de publier dans la section Mati\u00e8res premi\u00e8res du num\u00e9ro 29 un retour d&rsquo;exp\u00e9rience sur la cr\u00e9ation du jardin Japonais. R\u00e9sum\u00e9 Un jardin japonais de plantes m\u00e9dicinales a \u00e9t\u00e9 install\u00e9 au sein\u2026<\/p><p class=\"wp-block-post-excerpt__more-text\"><a class=\"wp-block-post-excerpt__more-link\" href=\"https:\/\/amisdujardinvillars.fr\/index.php\/2023\/12\/21\/article-pour-essai\/\">Lire la suite&#8230;<\/a><\/p><\/div><\/div>\n<\/div>\n\n<\/li><\/ul><\/div>\n\n\n<ul class=\"wp-block-categories-list wp-block-categories\">\t<li class=\"cat-item cat-item-9\"><a href=\"https:\/\/amisdujardinvillars.fr\/index.php\/category\/actualites\/\">Actualit\u00e9s<\/a>\n<\/li>\n\t<li class=\"cat-item cat-item-11\"><a href=\"https:\/\/amisdujardinvillars.fr\/index.php\/category\/histoire-du-site-et-du-jardin\/\">Histoire du site et du jardin<\/a>\n<\/li>\n\t<li class=\"cat-item cat-item-20\"><a href=\"https:\/\/amisdujardinvillars.fr\/index.php\/category\/histoires-botaniques\/\">Histoires botaniques<\/a>\n<\/li>\n\t<li class=\"cat-item cat-item-13\"><a href=\"https:\/\/amisdujardinvillars.fr\/index.php\/category\/histoires-de-jardins\/\">Histoires de jardins<\/a>\n<\/li>\n\t<li class=\"cat-item cat-item-14\"><a href=\"https:\/\/amisdujardinvillars.fr\/index.php\/category\/le-jardin-japonais\/\">Le Jardin Japonais<\/a>\n<\/li>\n<\/ul>","protected":false},"excerpt":{"rendered":"<p>D\u00e9couvrez ici les articles th\u00e9matiques.<\/p>\n","protected":false},"author":4,"featured_media":71,"parent":0,"menu_order":0,"comment_status":"open","ping_status":"closed","template":"","meta":{"footnotes":""},"class_list":["post-140","page","type-page","status-publish","has-post-thumbnail","hentry"],"_links":{"self":[{"href":"https:\/\/amisdujardinvillars.fr\/index.php\/wp-json\/wp\/v2\/pages\/140","targetHints":{"allow":["GET"]}}],"collection":[{"href":"https:\/\/amisdujardinvillars.fr\/index.php\/wp-json\/wp\/v2\/pages"}],"about":[{"href":"https:\/\/amisdujardinvillars.fr\/index.php\/wp-json\/wp\/v2\/types\/page"}],"author":[{"embeddable":true,"href":"https:\/\/amisdujardinvillars.fr\/index.php\/wp-json\/wp\/v2\/users\/4"}],"replies":[{"embeddable":true,"href":"https:\/\/amisdujardinvillars.fr\/index.php\/wp-json\/wp\/v2\/comments?post=140"}],"version-history":[{"count":22,"href":"https:\/\/amisdujardinvillars.fr\/index.php\/wp-json\/wp\/v2\/pages\/140\/revisions"}],"predecessor-version":[{"id":363,"href":"https:\/\/amisdujardinvillars.fr\/index.php\/wp-json\/wp\/v2\/pages\/140\/revisions\/363"}],"wp:featuredmedia":[{"embeddable":true,"href":"https:\/\/amisdujardinvillars.fr\/index.php\/wp-json\/wp\/v2\/media\/71"}],"wp:attachment":[{"href":"https:\/\/amisdujardinvillars.fr\/index.php\/wp-json\/wp\/v2\/media?parent=140"}],"curies":[{"name":"wp","href":"https:\/\/api.w.org\/{rel}","templated":true}]}}